{"id":262,"date":"2025-10-15T05:27:19","date_gmt":"2025-10-15T05:27:19","guid":{"rendered":"https:\/\/lafactoriaciudadana.com\/?page_id=262"},"modified":"2025-11-13T14:38:23","modified_gmt":"2025-11-13T14:38:23","slug":"home","status":"publish","type":"page","link":"https:\/\/lafactoriaciudadana.com\/","title":{"rendered":"Home"},"content":{"rendered":"\t\t<div data-elementor-type=\"wp-page\" data-elementor-id=\"262\" class=\"elementor elementor-262\" data-elementor-post-type=\"page\">\n\t\t\t\t<div class=\"elementor-element elementor-element-4306dbc e-con-full e-flex e-con e-parent\" data-id=\"4306dbc\" data-element_type=\"container\" data-e-type=\"container\" id=\"home\">\n\t\t\t\t<div class=\"elementor-element elementor-element-5d87434 elementor-widget__width-inherit elementor-arrows-position-inside elementor-widget elementor-widget-image-carousel\" data-id=\"5d87434\" data-element_type=\"widget\" data-e-type=\"widget\" data-settings=\"{&quot;navigation&quot;:&quot;arrows&quot;,&quot;autoplay_speed&quot;:2500,&quot;speed&quot;:550,&quot;autoplay&quot;:&quot;yes&quot;,&quot;pause_on_interaction&quot;:&quot;yes&quot;,&quot;infinite&quot;:&quot;yes&quot;}\" data-widget_type=\"image-carousel.default\">\n\t\t\t\t\t\t\t<div class=\"elementor-image-carousel-wrapper swiper\" role=\"region\" aria-roledescription=\"carousel\" aria-label=\"Carrusel de Im\u00e1genes\" dir=\"ltr\">\n\t\t\t<div class=\"elementor-image-carousel swiper-wrapper swiper-image-stretch\" aria-live=\"off\">\n\t\t\t\t\t\t\t\t<div class=\"swiper-slide\" role=\"group\" aria-roledescription=\"slide\" aria-label=\"1 de 6\"><figure class=\"swiper-slide-inner\"><img decoding=\"async\" class=\"swiper-slide-image\" src=\"https:\/\/lafactoriaciudadana.com\/wp-content\/uploads\/2025\/10\/WhatsApp-Image-2025-10-30-at-12.42.46-PM.jpeg\" alt=\"WhatsApp Image 2025-10-30 at 12.42.46 PM\" \/><\/figure><\/div><div class=\"swiper-slide\" role=\"group\" aria-roledescription=\"slide\" aria-label=\"2 de 6\"><figure class=\"swiper-slide-inner\"><img decoding=\"async\" class=\"swiper-slide-image\" src=\"https:\/\/lafactoriaciudadana.com\/wp-content\/uploads\/2025\/10\/WhatsApp-Image-2025-10-30-at-12.41.21-PM.jpeg\" alt=\"WhatsApp Image 2025-10-30 at 12.41.21 PM\" \/><\/figure><\/div><div class=\"swiper-slide\" role=\"group\" aria-roledescription=\"slide\" aria-label=\"3 de 6\"><figure class=\"swiper-slide-inner\"><img decoding=\"async\" class=\"swiper-slide-image\" src=\"https:\/\/lafactoriaciudadana.com\/wp-content\/uploads\/2025\/10\/WhatsApp-Image-2025-10-30-at-12.42.39-PM.jpeg\" alt=\"WhatsApp Image 2025-10-30 at 12.42.39 PM\" \/><\/figure><\/div><div class=\"swiper-slide\" role=\"group\" aria-roledescription=\"slide\" aria-label=\"4 de 6\"><figure class=\"swiper-slide-inner\"><img decoding=\"async\" class=\"swiper-slide-image\" src=\"https:\/\/lafactoriaciudadana.com\/wp-content\/uploads\/2025\/10\/WhatsApp-Image-2025-10-30-at-12.42.57-PM.jpeg\" alt=\"WhatsApp Image 2025-10-30 at 12.42.57 PM\" \/><\/figure><\/div><div class=\"swiper-slide\" role=\"group\" aria-roledescription=\"slide\" aria-label=\"5 de 6\"><figure class=\"swiper-slide-inner\"><img decoding=\"async\" class=\"swiper-slide-image\" src=\"https:\/\/lafactoriaciudadana.com\/wp-content\/uploads\/2025\/10\/WhatsApp-Image-2025-10-30-at-12.43.54-PM.jpeg\" alt=\"WhatsApp Image 2025-10-30 at 12.43.54 PM\" \/><\/figure><\/div><div class=\"swiper-slide\" role=\"group\" aria-roledescription=\"slide\" aria-label=\"6 de 6\"><figure class=\"swiper-slide-inner\"><img decoding=\"async\" class=\"swiper-slide-image\" src=\"https:\/\/lafactoriaciudadana.com\/wp-content\/uploads\/2025\/10\/WhatsApp-Image-2025-10-30-at-12.44.03-PM.jpeg\" alt=\"WhatsApp Image 2025-10-30 at 12.44.03 PM\" \/><\/figure><\/div>\t\t\t<\/div>\n\t\t\t\t\t\t\t\t\t\t\t\t<div class=\"elementor-swiper-button elementor-swiper-button-prev\" role=\"button\" tabindex=\"0\">\n\t\t\t\t\t\t<svg aria-hidden=\"true\" class=\"e-font-icon-svg e-eicon-chevron-left\" viewBox=\"0 0 1000 1000\" xmlns=\"http:\/\/www.w3.org\/2000\/svg\"><path d=\"M646 125C629 125 613 133 604 142L308 442C296 454 292 471 292 487 292 504 296 521 308 533L604 854C617 867 629 875 646 875 663 875 679 871 692 858 704 846 713 829 713 812 713 796 708 779 692 767L438 487 692 225C700 217 708 204 708 187 708 171 704 154 692 142 675 129 663 125 646 125Z\"><\/path><\/svg>\t\t\t\t\t<\/div>\n\t\t\t\t\t<div class=\"elementor-swiper-button elementor-swiper-button-next\" role=\"button\" tabindex=\"0\">\n\t\t\t\t\t\t<svg aria-hidden=\"true\" class=\"e-font-icon-svg e-eicon-chevron-right\" viewBox=\"0 0 1000 1000\" xmlns=\"http:\/\/www.w3.org\/2000\/svg\"><path d=\"M696 533C708 521 713 504 713 487 713 471 708 454 696 446L400 146C388 133 375 125 354 125 338 125 325 129 313 142 300 154 292 171 292 187 292 204 296 221 308 233L563 492 304 771C292 783 288 800 288 817 288 833 296 850 308 863 321 871 338 875 354 875 371 875 388 867 400 854L696 533Z\"><\/path><\/svg>\t\t\t\t\t<\/div>\n\t\t\t\t\n\t\t\t\t\t\t\t\t\t<\/div>\n\t\t\t\t\t\t<\/div>\n\t\t\t\t<\/div>\n\t\t<div class=\"elementor-element elementor-element-6643c5de e-con-full e-flex e-con e-parent\" data-id=\"6643c5de\" data-element_type=\"container\" data-e-type=\"container\" id=\"home\">\n\t\t<div class=\"elementor-element elementor-element-5f9402a4 e-con-full e-flex e-con e-child\" data-id=\"5f9402a4\" data-element_type=\"container\" data-e-type=\"container\">\n\t\t<div class=\"elementor-element elementor-element-676d0e0e e-con-full e-flex e-con e-child\" data-id=\"676d0e0e\" data-element_type=\"container\" data-e-type=\"container\">\n\t\t\t\t<div class=\"elementor-element elementor-element-538d7a3d elementor-invisible elementor-widget elementor-widget-image\" data-id=\"538d7a3d\" data-element_type=\"widget\" data-e-type=\"widget\" data-settings=\"{&quot;_animation&quot;:&quot;fadeIn&quot;}\" data-widget_type=\"image.default\">\n\t\t\t\t\t\t\t\t\t\t\t\t\t\t\t<img fetchpriority=\"high\" decoding=\"async\" width=\"800\" height=\"400\" src=\"https:\/\/lafactoriaciudadana.com\/wp-content\/uploads\/2025\/10\/lfc-logo-blanco-nuevo-1024x512.png\" class=\"attachment-large size-large wp-image-567\" alt=\"\" srcset=\"https:\/\/lafactoriaciudadana.com\/wp-content\/uploads\/2025\/10\/lfc-logo-blanco-nuevo-1024x512.png 1024w, https:\/\/lafactoriaciudadana.com\/wp-content\/uploads\/2025\/10\/lfc-logo-blanco-nuevo-300x150.png 300w, https:\/\/lafactoriaciudadana.com\/wp-content\/uploads\/2025\/10\/lfc-logo-blanco-nuevo-768x384.png 768w, https:\/\/lafactoriaciudadana.com\/wp-content\/uploads\/2025\/10\/lfc-logo-blanco-nuevo-1536x768.png 1536w, https:\/\/lafactoriaciudadana.com\/wp-content\/uploads\/2025\/10\/lfc-logo-blanco-nuevo-2048x1024.png 2048w\" sizes=\"(max-width: 800px) 100vw, 800px\" \/>\t\t\t\t\t\t\t\t\t\t\t\t\t\t\t<\/div>\n\t\t\t\t<\/div>\n\t\t\t\t<\/div>\n\t\t<div class=\"elementor-element elementor-element-65687d33 e-con-full e-flex e-con e-child\" data-id=\"65687d33\" data-element_type=\"container\" data-e-type=\"container\">\n\t\t<div class=\"elementor-element elementor-element-17d40e51 e-flex e-con-boxed e-con e-child\" data-id=\"17d40e51\" data-element_type=\"container\" data-e-type=\"container\">\n\t\t\t\t\t<div class=\"e-con-inner\">\n\t\t\t\t<div class=\"elementor-element elementor-element-56f87492 elementor-widget elementor-widget-heading\" data-id=\"56f87492\" data-element_type=\"widget\" data-e-type=\"widget\" data-widget_type=\"heading.default\">\n\t\t\t\t\t<h2 class=\"elementor-heading-title elementor-size-default\"><b>About Us<\/b><\/h2>\t\t\t\t<\/div>\n\t\t\t\t\t<\/div>\n\t\t\t\t<\/div>\n\t\t<div class=\"elementor-element elementor-element-13835b0b e-flex e-con-boxed e-con e-child\" data-id=\"13835b0b\" data-element_type=\"container\" data-e-type=\"container\">\n\t\t\t\t\t<div class=\"e-con-inner\">\n\t\t\t\t<div class=\"elementor-element elementor-element-58111fc7 elementor-widget elementor-widget-text-editor\" data-id=\"58111fc7\" data-element_type=\"widget\" data-e-type=\"widget\" data-widget_type=\"text-editor.default\">\n\t\t\t\t\t\t\t\t\t<p class=\"p1\">Founded in 2017 in El Salvador, La Factor\u00eda Ciudadana is pioneering social and economic reintegration for individuals seeking a second chance.<\/p><p class=\"p1\">We activate underutilized human capital and address the root causes of irregular migration and crime, reducing both the human and financial costs of repeated cycles of deportation and incarceration.<\/p><p class=\"p1\">Every person we support multiplies the impact within their household and community.<\/p>\t\t\t\t\t\t\t\t<\/div>\n\t\t\t\t\t<\/div>\n\t\t\t\t<\/div>\n\t\t\t\t<\/div>\n\t\t\t\t<\/div>\n\t\t<div class=\"elementor-element elementor-element-d768faa e-con-full e-flex e-con e-parent\" data-id=\"d768faa\" data-element_type=\"container\" data-e-type=\"container\" id=\"about\" data-settings=\"{&quot;background_background&quot;:&quot;classic&quot;}\">\n\t\t<div class=\"elementor-element elementor-element-c384371 e-con-full e-flex e-con e-child\" data-id=\"c384371\" data-element_type=\"container\" data-e-type=\"container\">\n\t\t<div class=\"elementor-element elementor-element-9cbeb35 e-con-full e-flex e-con e-child\" data-id=\"9cbeb35\" data-element_type=\"container\" data-e-type=\"container\">\n\t\t\t\t<div class=\"elementor-element elementor-element-55ca521 elementor-widget elementor-widget-heading\" data-id=\"55ca521\" data-element_type=\"widget\" data-e-type=\"widget\" data-widget_type=\"heading.default\">\n\t\t\t\t\t<h2 class=\"elementor-heading-title elementor-size-default\"><b>About Our Founder<\/b><\/h2>\t\t\t\t<\/div>\n\t\t\t\t<\/div>\n\t\t<div class=\"elementor-element elementor-element-6a1b774 e-flex e-con-boxed e-con e-child\" data-id=\"6a1b774\" data-element_type=\"container\" data-e-type=\"container\">\n\t\t\t\t\t<div class=\"e-con-inner\">\n\t\t\t\t<div class=\"elementor-element elementor-element-9ece374 elementor-widget__width-initial elementor-widget elementor-widget-text-editor\" data-id=\"9ece374\" data-element_type=\"widget\" data-e-type=\"widget\" data-widget_type=\"text-editor.default\">\n\t\t\t\t\t\t\t\t\t<p>Jaime R. Zablah Siri is the founder of La Factor\u00eda Ciudadana.<\/p><p>A Fellow of the Aspen Global Leadership Network, he is internationally recognized for his work in social reintegration and violence prevention.<\/p><p>He has shared his insights on global platforms, including a TED Talk on violence in Central America, and serves as a senior partner at Kinetic Fundraising.<\/p><p>Jaime has received multiple honors, such as the McNulty Prize for Social Contribution, awarded for his leadership and measurable community impact in El Salvador.<\/p>\t\t\t\t\t\t\t\t<\/div>\n\t\t\t\t\t<\/div>\n\t\t\t\t<\/div>\n\t\t\t\t<\/div>\n\t\t<div class=\"elementor-element elementor-element-84ec5a8 e-con-full e-flex e-con e-child\" data-id=\"84ec5a8\" data-element_type=\"container\" data-e-type=\"container\">\n\t\t<div class=\"elementor-element elementor-element-beac5dd e-con-full e-flex e-con e-child\" data-id=\"beac5dd\" data-element_type=\"container\" data-e-type=\"container\">\n\t\t\t\t<div class=\"elementor-element elementor-element-f5b1e59 elementor-widget elementor-widget-image\" data-id=\"f5b1e59\" data-element_type=\"widget\" data-e-type=\"widget\" data-widget_type=\"image.default\">\n\t\t\t\t\t\t\t\t\t\t\t\t\t\t\t<img decoding=\"async\" width=\"800\" height=\"800\" src=\"https:\/\/lafactoriaciudadana.com\/wp-content\/uploads\/2025\/10\/Jaime-.png\" class=\"attachment-large size-large wp-image-278\" alt=\"\" srcset=\"https:\/\/lafactoriaciudadana.com\/wp-content\/uploads\/2025\/10\/Jaime-.png 900w, https:\/\/lafactoriaciudadana.com\/wp-content\/uploads\/2025\/10\/Jaime--300x300.png 300w, https:\/\/lafactoriaciudadana.com\/wp-content\/uploads\/2025\/10\/Jaime--150x150.png 150w, https:\/\/lafactoriaciudadana.com\/wp-content\/uploads\/2025\/10\/Jaime--768x768.png 768w\" sizes=\"(max-width: 800px) 100vw, 800px\" \/>\t\t\t\t\t\t\t\t\t\t\t\t\t\t\t<\/div>\n\t\t\t\t<\/div>\n\t\t\t\t<\/div>\n\t\t\t\t<\/div>\n\t\t<div class=\"elementor-element elementor-element-4674c59 e-flex e-con-boxed e-con e-parent\" data-id=\"4674c59\" data-element_type=\"container\" data-e-type=\"container\">\n\t\t\t\t\t<div class=\"e-con-inner\">\n\t\t<div class=\"elementor-element elementor-element-c2c079d e-con-full e-flex e-con e-child\" data-id=\"c2c079d\" data-element_type=\"container\" data-e-type=\"container\">\n\t\t<div class=\"elementor-element elementor-element-7d34751 e-con-full e-flex e-con e-child\" data-id=\"7d34751\" data-element_type=\"container\" data-e-type=\"container\">\n\t\t\t\t<div class=\"elementor-element elementor-element-2917f72 elementor-widget elementor-widget-heading\" data-id=\"2917f72\" data-element_type=\"widget\" data-e-type=\"widget\" data-widget_type=\"heading.default\">\n\t\t\t\t\t<h2 class=\"elementor-heading-title elementor-size-default\"><b>The Challenge We Face<\/b><\/h2>\t\t\t\t<\/div>\n\t\t\t\t<\/div>\n\t\t\t\t<\/div>\n\t\t\t\t\t<\/div>\n\t\t\t\t<\/div>\n\t\t<div class=\"elementor-element elementor-element-fdba658 e-flex e-con-boxed e-con e-parent\" data-id=\"fdba658\" data-element_type=\"container\" data-e-type=\"container\">\n\t\t\t\t\t<div class=\"e-con-inner\">\n\t\t<div class=\"elementor-element elementor-element-c7ae88d e-con-full e-flex e-con e-child\" data-id=\"c7ae88d\" data-element_type=\"container\" data-e-type=\"container\">\n\t\t\t\t<div class=\"elementor-element elementor-element-d23199f elementor-flip-box--direction-right elementor-flip-box--effect-flip elementor-widget elementor-widget-flip-box\" data-id=\"d23199f\" data-element_type=\"widget\" data-e-type=\"widget\" data-widget_type=\"flip-box.default\">\n\t\t\t\t\t\t\t<div class=\"elementor-flip-box\" tabindex=\"0\">\n\t\t\t<div class=\"elementor-flip-box__layer elementor-flip-box__front\">\n\t\t\t\t<div class=\"elementor-flip-box__layer__overlay\">\n\t\t\t\t\t<div class=\"elementor-flip-box__layer__inner\">\n\t\t\t\t\t\t\t\t\t\t\t\t\t<div class=\"elementor-flip-box__image\">\n\t\t\t\t\t\t\t\t<img decoding=\"async\" width=\"150\" height=\"150\" src=\"https:\/\/lafactoriaciudadana.com\/wp-content\/uploads\/2025\/11\/1-150x150.png\" class=\"attachment-thumbnail size-thumbnail wp-image-785\" alt=\"\" \/>\t\t\t\t\t\t\t<\/div>\n\t\t\t\t\t\t\n\t\t\t\t\t\t\t\t\t\t\t\t\t<h3 class=\"elementor-flip-box__layer__title\">\n\t\t\t\t\t\t\t\tInformal Economy \t\t\t\t\t\t\t<\/h3>\n\t\t\t\t\t\t\n\t\t\t\t\t\t\t\t\t\t\t<\/div>\n\t\t\t\t<\/div>\n\t\t\t<\/div>\n\t\t\t<div class=\"elementor-flip-box__layer elementor-flip-box__back\">\n\t\t\t<div class=\"elementor-flip-box__layer__overlay\">\n\t\t\t\t<div class=\"elementor-flip-box__layer__inner\">\n\t\t\t\t\t\n\t\t\t\t\t\t\t\t\t\t\t<div class=\"elementor-flip-box__layer__description\">\n\t\t\t\t\t\t\tMost of the youth labor force operates in the informal economy.\t\t\t\t\t\t<\/div>\n\t\t\t\t\t\n\t\t\t\t\t\t\t\t<\/div>\n\t\t<\/div>\n\t\t<\/div>\n\t\t<\/div>\n\t\t\t\t\t\t<\/div>\n\t\t\t\t<\/div>\n\t\t<div class=\"elementor-element elementor-element-c2b7b1f e-con-full e-flex e-con e-child\" data-id=\"c2b7b1f\" data-element_type=\"container\" data-e-type=\"container\">\n\t\t\t\t<div class=\"elementor-element elementor-element-0d21d70 elementor-flip-box--direction-right elementor-flip-box--effect-flip elementor-widget elementor-widget-flip-box\" data-id=\"0d21d70\" data-element_type=\"widget\" data-e-type=\"widget\" data-widget_type=\"flip-box.default\">\n\t\t\t\t\t\t\t<div class=\"elementor-flip-box\" tabindex=\"0\">\n\t\t\t<div class=\"elementor-flip-box__layer elementor-flip-box__front\">\n\t\t\t\t<div class=\"elementor-flip-box__layer__overlay\">\n\t\t\t\t\t<div class=\"elementor-flip-box__layer__inner\">\n\t\t\t\t\t\t\t\t\t\t\t\t\t<div class=\"elementor-flip-box__image\">\n\t\t\t\t\t\t\t\t<img loading=\"lazy\" decoding=\"async\" width=\"150\" height=\"150\" src=\"https:\/\/lafactoriaciudadana.com\/wp-content\/uploads\/2025\/11\/MIGRA-150x150.png\" class=\"attachment-thumbnail size-thumbnail wp-image-788\" alt=\"\" \/>\t\t\t\t\t\t\t<\/div>\n\t\t\t\t\t\t\n\t\t\t\t\t\t\t\t\t\t\t\t\t<h3 class=\"elementor-flip-box__layer__title\">\n\t\t\t\t\t\t\t\tWasted Potential \t\t\t\t\t\t\t<\/h3>\n\t\t\t\t\t\t\n\t\t\t\t\t\t\t\t\t\t\t<\/div>\n\t\t\t\t<\/div>\n\t\t\t<\/div>\n\t\t\t<div class=\"elementor-flip-box__layer elementor-flip-box__back\">\n\t\t\t<div class=\"elementor-flip-box__layer__overlay\">\n\t\t\t\t<div class=\"elementor-flip-box__layer__inner\">\n\t\t\t\t\t\n\t\t\t\t\t\t\t\t\t\t\t<div class=\"elementor-flip-box__layer__description\">\n\t\t\t\t\t\t\tThousands of Salvadorans return each year. In 2025, more than 59,000 migrants returned to El Salvador.\t\t\t\t\t\t<\/div>\n\t\t\t\t\t\n\t\t\t\t\t\t\t\t<\/div>\n\t\t<\/div>\n\t\t<\/div>\n\t\t<\/div>\n\t\t\t\t\t\t<\/div>\n\t\t\t\t<\/div>\n\t\t<div class=\"elementor-element elementor-element-fa2678e e-con-full e-flex e-con e-child\" data-id=\"fa2678e\" data-element_type=\"container\" data-e-type=\"container\">\n\t\t\t\t<div class=\"elementor-element elementor-element-7899197 elementor-flip-box--direction-right elementor-flip-box--effect-flip elementor-widget elementor-widget-flip-box\" data-id=\"7899197\" data-element_type=\"widget\" data-e-type=\"widget\" data-widget_type=\"flip-box.default\">\n\t\t\t\t\t\t\t<div class=\"elementor-flip-box\" tabindex=\"0\">\n\t\t\t<div class=\"elementor-flip-box__layer elementor-flip-box__front\">\n\t\t\t\t<div class=\"elementor-flip-box__layer__overlay\">\n\t\t\t\t\t<div class=\"elementor-flip-box__layer__inner\">\n\t\t\t\t\t\t\t\t\t\t\t\t\t<div class=\"elementor-flip-box__image\">\n\t\t\t\t\t\t\t\t<img loading=\"lazy\" decoding=\"async\" width=\"2560\" height=\"2504\" src=\"https:\/\/lafactoriaciudadana.com\/wp-content\/uploads\/2025\/11\/3-scaled.png\" class=\"attachment-full size-full wp-image-787\" alt=\"\" srcset=\"https:\/\/lafactoriaciudadana.com\/wp-content\/uploads\/2025\/11\/3-scaled.png 2560w, https:\/\/lafactoriaciudadana.com\/wp-content\/uploads\/2025\/11\/3-300x293.png 300w, https:\/\/lafactoriaciudadana.com\/wp-content\/uploads\/2025\/11\/3-1024x1001.png 1024w, https:\/\/lafactoriaciudadana.com\/wp-content\/uploads\/2025\/11\/3-768x751.png 768w, https:\/\/lafactoriaciudadana.com\/wp-content\/uploads\/2025\/11\/3-1536x1502.png 1536w, https:\/\/lafactoriaciudadana.com\/wp-content\/uploads\/2025\/11\/3-2048x2003.png 2048w\" sizes=\"(max-width: 2560px) 100vw, 2560px\" \/>\t\t\t\t\t\t\t<\/div>\n\t\t\t\t\t\t\n\t\t\t\t\t\t\t\t\t\t\t\t\t<h3 class=\"elementor-flip-box__layer__title\">\n\t\t\t\t\t\t\t\tBarriers to Reintegration \t\t\t\t\t\t\t<\/h3>\n\t\t\t\t\t\t\n\t\t\t\t\t\t\t\t\t\t\t<\/div>\n\t\t\t\t<\/div>\n\t\t\t<\/div>\n\t\t\t<div class=\"elementor-flip-box__layer elementor-flip-box__back\">\n\t\t\t<div class=\"elementor-flip-box__layer__overlay\">\n\t\t\t\t<div class=\"elementor-flip-box__layer__inner\">\n\t\t\t\t\t\n\t\t\t\t\t\t\t\t\t\t\t<div class=\"elementor-flip-box__layer__description\">\n\t\t\t\t\t\t\tReturnees struggle to adapt due to lack of skills and employment opportunities.\t\t\t\t\t\t<\/div>\n\t\t\t\t\t\n\t\t\t\t\t\t\t\t<\/div>\n\t\t<\/div>\n\t\t<\/div>\n\t\t<\/div>\n\t\t\t\t\t\t<\/div>\n\t\t\t\t<\/div>\n\t\t\t\t\t<\/div>\n\t\t\t\t<\/div>\n\t\t<div class=\"elementor-element elementor-element-7e64f4e e-flex e-con-boxed e-con e-parent\" data-id=\"7e64f4e\" data-element_type=\"container\" data-e-type=\"container\" id=\"model\">\n\t\t\t\t\t<div class=\"e-con-inner\">\n\t\t<div class=\"elementor-element elementor-element-1672d43 e-con-full e-flex e-con e-child\" data-id=\"1672d43\" data-element_type=\"container\" data-e-type=\"container\">\n\t\t\t\t<div class=\"elementor-element elementor-element-ea291e6 elementor-widget-divider--view-line elementor-widget elementor-widget-divider\" data-id=\"ea291e6\" data-element_type=\"widget\" data-e-type=\"widget\" data-widget_type=\"divider.default\">\n\t\t\t\t\t\t\t<div class=\"elementor-divider\">\n\t\t\t<span class=\"elementor-divider-separator\">\n\t\t\t\t\t\t<\/span>\n\t\t<\/div>\n\t\t\t\t\t\t<\/div>\n\t\t\t\t<div class=\"elementor-element elementor-element-c18bfa3 elementor-widget elementor-widget-heading\" data-id=\"c18bfa3\" data-element_type=\"widget\" data-e-type=\"widget\" data-widget_type=\"heading.default\">\n\t\t\t\t\t<h2 class=\"elementor-heading-title elementor-size-default\"><b>From Healing to Employment<\/b><\/h2>\t\t\t\t<\/div>\n\t\t\t\t<\/div>\n\t\t<div class=\"elementor-element elementor-element-7c1548d e-con-full e-flex e-con e-child\" data-id=\"7c1548d\" data-element_type=\"container\" data-e-type=\"container\">\n\t\t\t\t<div class=\"elementor-element elementor-element-f656940 elementor-widget elementor-widget-text-editor\" data-id=\"f656940\" data-element_type=\"widget\" data-e-type=\"widget\" data-widget_type=\"text-editor.default\">\n\t\t\t\t\t\t\t\t\t<p>Our model moves from personal recovery to economic inclusion, ensuring reintegration is sustainable both socially and productively.<\/p>\t\t\t\t\t\t\t\t<\/div>\n\t\t\t\t<\/div>\n\t\t\t\t\t<\/div>\n\t\t\t\t<\/div>\n\t\t<div class=\"elementor-element elementor-element-7ae8b99 e-flex e-con-boxed e-con e-parent\" data-id=\"7ae8b99\" data-element_type=\"container\" data-e-type=\"container\">\n\t\t\t\t\t<div class=\"e-con-inner\">\n\t\t<div class=\"elementor-element elementor-element-0728372 e-con-full e-flex e-con e-child\" data-id=\"0728372\" data-element_type=\"container\" data-e-type=\"container\">\n\t\t\t\t<div class=\"elementor-element elementor-element-998149c elementor-flip-box--effect-flip elementor-flip-box--direction-up elementor-widget elementor-widget-flip-box\" data-id=\"998149c\" data-element_type=\"widget\" data-e-type=\"widget\" data-widget_type=\"flip-box.default\">\n\t\t\t\t\t\t\t<div class=\"elementor-flip-box\" tabindex=\"0\">\n\t\t\t<div class=\"elementor-flip-box__layer elementor-flip-box__front\">\n\t\t\t\t<div class=\"elementor-flip-box__layer__overlay\">\n\t\t\t\t\t<div class=\"elementor-flip-box__layer__inner\">\n\t\t\t\t\t\t\t\t\t\t\t\t\t<div class=\"elementor-flip-box__image\">\n\t\t\t\t\t\t\t\t<img loading=\"lazy\" decoding=\"async\" width=\"150\" height=\"147\" src=\"https:\/\/lafactoriaciudadana.com\/wp-content\/uploads\/2025\/10\/1.svg\" class=\"attachment-thumbnail size-thumbnail wp-image-297\" alt=\"\" \/>\t\t\t\t\t\t\t<\/div>\n\t\t\t\t\t\t\n\t\t\t\t\t\t\t\t\t\t\t\t\t<h3 class=\"elementor-flip-box__layer__title\">\n\t\t\t\t\t\t\t\tHealing the Person\t\t\t\t\t\t\t<\/h3>\n\t\t\t\t\t\t\n\t\t\t\t\t\t\t\t\t\t\t<\/div>\n\t\t\t\t<\/div>\n\t\t\t<\/div>\n\t\t\t<div class=\"elementor-flip-box__layer elementor-flip-box__back\">\n\t\t\t<div class=\"elementor-flip-box__layer__overlay\">\n\t\t\t\t<div class=\"elementor-flip-box__layer__inner\">\n\t\t\t\t\t\n\t\t\t\t\t\t\t\t\t\t\t<div class=\"elementor-flip-box__layer__description\">\n\t\t\t\t\t\t\tSpecialized psychosocial care, accomponiment in reintegration\nprocesses, and clinical attention.\t\t\t\t\t\t<\/div>\n\t\t\t\t\t\n\t\t\t\t\t\t\t\t<\/div>\n\t\t<\/div>\n\t\t<\/div>\n\t\t<\/div>\n\t\t\t\t\t\t<\/div>\n\t\t\t\t<\/div>\n\t\t<div class=\"elementor-element elementor-element-a251ce7 e-con-full e-flex e-con e-child\" data-id=\"a251ce7\" data-element_type=\"container\" data-e-type=\"container\">\n\t\t\t\t<div class=\"elementor-element elementor-element-e93ab9a elementor-flip-box--effect-flip elementor-flip-box--direction-up elementor-widget elementor-widget-flip-box\" data-id=\"e93ab9a\" data-element_type=\"widget\" data-e-type=\"widget\" data-widget_type=\"flip-box.default\">\n\t\t\t\t\t\t\t<div class=\"elementor-flip-box\" tabindex=\"0\">\n\t\t\t<div class=\"elementor-flip-box__layer elementor-flip-box__front\">\n\t\t\t\t<div class=\"elementor-flip-box__layer__overlay\">\n\t\t\t\t\t<div class=\"elementor-flip-box__layer__inner\">\n\t\t\t\t\t\t\t\t\t\t\t\t\t<div class=\"elementor-flip-box__image\">\n\t\t\t\t\t\t\t\t<img loading=\"lazy\" decoding=\"async\" width=\"150\" height=\"147\" src=\"https:\/\/lafactoriaciudadana.com\/wp-content\/uploads\/2025\/10\/3.svg\" class=\"attachment-thumbnail size-thumbnail wp-image-299\" alt=\"\" \/>\t\t\t\t\t\t\t<\/div>\n\t\t\t\t\t\t\n\t\t\t\t\t\t\t\t\t\t\t\t\t<h3 class=\"elementor-flip-box__layer__title\">\n\t\t\t\t\t\t\t\tBuilding Skills for the Future\t\t\t\t\t\t\t<\/h3>\n\t\t\t\t\t\t\n\t\t\t\t\t\t\t\t\t\t\t<\/div>\n\t\t\t\t<\/div>\n\t\t\t<\/div>\n\t\t\t<div class=\"elementor-flip-box__layer elementor-flip-box__back\">\n\t\t\t<div class=\"elementor-flip-box__layer__overlay\">\n\t\t\t\t<div class=\"elementor-flip-box__layer__inner\">\n\t\t\t\t\t\n\t\t\t\t\t\t\t\t\t\t\t<div class=\"elementor-flip-box__layer__description\">\n\t\t\t\t\t\t\tTechnical and employability training delivered though our\n100% online educational platform.\t\t\t\t\t\t<\/div>\n\t\t\t\t\t\n\t\t\t\t\t\t\t\t<\/div>\n\t\t<\/div>\n\t\t<\/div>\n\t\t<\/div>\n\t\t\t\t\t\t<\/div>\n\t\t\t\t<\/div>\n\t\t<div class=\"elementor-element elementor-element-9a2f0da e-con-full e-flex e-con e-child\" data-id=\"9a2f0da\" data-element_type=\"container\" data-e-type=\"container\">\n\t\t\t\t<div class=\"elementor-element elementor-element-0c12faf elementor-flip-box--effect-flip elementor-flip-box--direction-up elementor-widget elementor-widget-flip-box\" data-id=\"0c12faf\" data-element_type=\"widget\" data-e-type=\"widget\" data-widget_type=\"flip-box.default\">\n\t\t\t\t\t\t\t<div class=\"elementor-flip-box\" tabindex=\"0\">\n\t\t\t<div class=\"elementor-flip-box__layer elementor-flip-box__front\">\n\t\t\t\t<div class=\"elementor-flip-box__layer__overlay\">\n\t\t\t\t\t<div class=\"elementor-flip-box__layer__inner\">\n\t\t\t\t\t\t\t\t\t\t\t\t\t<div class=\"elementor-flip-box__image\">\n\t\t\t\t\t\t\t\t<img loading=\"lazy\" decoding=\"async\" width=\"1047\" height=\"1024\" src=\"https:\/\/lafactoriaciudadana.com\/wp-content\/uploads\/2025\/10\/2.svg\" class=\"attachment-full size-full wp-image-298\" alt=\"\" \/>\t\t\t\t\t\t\t<\/div>\n\t\t\t\t\t\t\n\t\t\t\t\t\t\t\t\t\t\t\t\t<h3 class=\"elementor-flip-box__layer__title\">\n\t\t\t\t\t\t\t\tOpening Pathways to Employment\t\t\t\t\t\t\t<\/h3>\n\t\t\t\t\t\t\n\t\t\t\t\t\t\t\t\t\t\t<\/div>\n\t\t\t\t<\/div>\n\t\t\t<\/div>\n\t\t\t<div class=\"elementor-flip-box__layer elementor-flip-box__back\">\n\t\t\t<div class=\"elementor-flip-box__layer__overlay\">\n\t\t\t\t<div class=\"elementor-flip-box__layer__inner\">\n\t\t\t\t\t\n\t\t\t\t\t\t\t\t\t\t\t<div class=\"elementor-flip-box__layer__description\">\n\t\t\t\t\t\t\tConnecting participants to real job opportunities in productive sectors.\t\t\t\t\t\t<\/div>\n\t\t\t\t\t\n\t\t\t\t\t\t\t\t<\/div>\n\t\t<\/div>\n\t\t<\/div>\n\t\t<\/div>\n\t\t\t\t\t\t<\/div>\n\t\t\t\t<\/div>\n\t\t\t\t\t<\/div>\n\t\t\t\t<\/div>\n\t\t<div class=\"elementor-element elementor-element-9161c78 e-con-full e-flex e-con e-parent\" data-id=\"9161c78\" data-element_type=\"container\" data-e-type=\"container\" data-settings=\"{&quot;background_background&quot;:&quot;classic&quot;}\">\n\t\t<div class=\"elementor-element elementor-element-25fb8f8 e-con-full e-flex e-con e-child\" data-id=\"25fb8f8\" data-element_type=\"container\" data-e-type=\"container\">\n\t\t<div class=\"elementor-element elementor-element-eba106b e-flex e-con-boxed e-con e-child\" data-id=\"eba106b\" data-element_type=\"container\" data-e-type=\"container\">\n\t\t\t\t\t<div class=\"e-con-inner\">\n\t\t\t\t<div class=\"elementor-element elementor-element-48b2a30 elementor-widget elementor-widget-heading\" data-id=\"48b2a30\" data-element_type=\"widget\" data-e-type=\"widget\" data-widget_type=\"heading.default\">\n\t\t\t\t\t<h2 class=\"elementor-heading-title elementor-size-default\"><b>Santa Marta Coffee Farm\nOur Reintegration Hub<\/b><\/h2>\t\t\t\t<\/div>\n\t\t\t\t\t<\/div>\n\t\t\t\t<\/div>\n\t\t<div class=\"elementor-element elementor-element-67cdb38 e-con-full e-flex e-con e-child\" data-id=\"67cdb38\" data-element_type=\"container\" data-e-type=\"container\">\n\t\t\t\t<div class=\"elementor-element elementor-element-85f8f35 elementor-widget__width-initial elementor-widget elementor-widget-text-editor\" data-id=\"85f8f35\" data-element_type=\"widget\" data-e-type=\"widget\" data-widget_type=\"text-editor.default\">\n\t\t\t\t\t\t\t\t\t<p>The Santa Marta Reintegration Hub turns once abandoned and insecure land into a living symbol of renewal and purpose.<\/p><p>The site combines active coffee cultivation with continuous skill-building programs, developed in partnership with national and U.S. allies.<\/p><p>It\u2019s not just about coffee, it\u2019s about creating jobs and giving people a real opportunity to rebuild their future.<\/p>\t\t\t\t\t\t\t\t<\/div>\n\t\t\t\t<\/div>\n\t\t\t\t<\/div>\n\t\t<div class=\"elementor-element elementor-element-2515e58 e-con-full e-flex e-con e-child\" data-id=\"2515e58\" data-element_type=\"container\" data-e-type=\"container\">\n\t\t<div class=\"elementor-element elementor-element-3053b32 e-con-full e-flex e-con e-child\" data-id=\"3053b32\" data-element_type=\"container\" data-e-type=\"container\">\n\t\t\t\t<div class=\"elementor-element elementor-element-865481a elementor-arrows-position-inside elementor-pagination-position-outside elementor-widget elementor-widget-image-carousel\" data-id=\"865481a\" data-element_type=\"widget\" data-e-type=\"widget\" data-settings=\"{&quot;slides_to_show&quot;:&quot;1&quot;,&quot;autoplay_speed&quot;:3000,&quot;navigation&quot;:&quot;both&quot;,&quot;autoplay&quot;:&quot;yes&quot;,&quot;pause_on_hover&quot;:&quot;yes&quot;,&quot;pause_on_interaction&quot;:&quot;yes&quot;,&quot;infinite&quot;:&quot;yes&quot;,&quot;effect&quot;:&quot;slide&quot;,&quot;speed&quot;:500}\" data-widget_type=\"image-carousel.default\">\n\t\t\t\t\t\t\t<div class=\"elementor-image-carousel-wrapper swiper\" role=\"region\" aria-roledescription=\"carousel\" aria-label=\"Carrusel de Im\u00e1genes\" dir=\"ltr\">\n\t\t\t<div class=\"elementor-image-carousel swiper-wrapper\" aria-live=\"off\">\n\t\t\t\t\t\t\t\t<div class=\"swiper-slide\" role=\"group\" aria-roledescription=\"slide\" aria-label=\"1 de 3\"><figure class=\"swiper-slide-inner\"><img decoding=\"async\" class=\"swiper-slide-image\" src=\"https:\/\/lafactoriaciudadana.com\/wp-content\/uploads\/2025\/10\/WhatsApp-Image-2025-10-30-at-11.33.43-AM.jpeg\" alt=\"WhatsApp Image 2025-10-30 at 11.33.43 AM\" \/><\/figure><\/div><div class=\"swiper-slide\" role=\"group\" aria-roledescription=\"slide\" aria-label=\"2 de 3\"><figure class=\"swiper-slide-inner\"><img decoding=\"async\" class=\"swiper-slide-image\" src=\"https:\/\/lafactoriaciudadana.com\/wp-content\/uploads\/2025\/10\/WhatsApp-Image-2025-10-30-at-11.33.43-AM-1.jpeg\" alt=\"WhatsApp Image 2025-10-30 at 11.33.43 AM (1)\" \/><\/figure><\/div><div class=\"swiper-slide\" role=\"group\" aria-roledescription=\"slide\" aria-label=\"3 de 3\"><figure class=\"swiper-slide-inner\"><img decoding=\"async\" class=\"swiper-slide-image\" src=\"https:\/\/lafactoriaciudadana.com\/wp-content\/uploads\/2025\/10\/WhatsApp-Image-2025-10-30-at-11.33.43-AM-2.jpeg\" alt=\"WhatsApp Image 2025-10-30 at 11.33.43 AM (2)\" \/><\/figure><\/div>\t\t\t<\/div>\n\t\t\t\t\t\t\t\t\t\t\t\t<div class=\"elementor-swiper-button elementor-swiper-button-prev\" role=\"button\" tabindex=\"0\">\n\t\t\t\t\t\t<svg aria-hidden=\"true\" class=\"e-font-icon-svg e-eicon-chevron-left\" viewBox=\"0 0 1000 1000\" xmlns=\"http:\/\/www.w3.org\/2000\/svg\"><path d=\"M646 125C629 125 613 133 604 142L308 442C296 454 292 471 292 487 292 504 296 521 308 533L604 854C617 867 629 875 646 875 663 875 679 871 692 858 704 846 713 829 713 812 713 796 708 779 692 767L438 487 692 225C700 217 708 204 708 187 708 171 704 154 692 142 675 129 663 125 646 125Z\"><\/path><\/svg>\t\t\t\t\t<\/div>\n\t\t\t\t\t<div class=\"elementor-swiper-button elementor-swiper-button-next\" role=\"button\" tabindex=\"0\">\n\t\t\t\t\t\t<svg aria-hidden=\"true\" class=\"e-font-icon-svg e-eicon-chevron-right\" viewBox=\"0 0 1000 1000\" xmlns=\"http:\/\/www.w3.org\/2000\/svg\"><path d=\"M696 533C708 521 713 504 713 487 713 471 708 454 696 446L400 146C388 133 375 125 354 125 338 125 325 129 313 142 300 154 292 171 292 187 292 204 296 221 308 233L563 492 304 771C292 783 288 800 288 817 288 833 296 850 308 863 321 871 338 875 354 875 371 875 388 867 400 854L696 533Z\"><\/path><\/svg>\t\t\t\t\t<\/div>\n\t\t\t\t\n\t\t\t\t\t\t\t\t\t<div class=\"swiper-pagination\"><\/div>\n\t\t\t\t\t\t\t\t\t<\/div>\n\t\t\t\t\t\t<\/div>\n\t\t\t\t<\/div>\n\t\t\t\t<\/div>\n\t\t\t\t<\/div>\n\t\t<div class=\"elementor-element elementor-element-04db4a2 e-flex e-con-boxed e-con e-parent\" data-id=\"04db4a2\" data-element_type=\"container\" data-e-type=\"container\" id=\"contact\">\n\t\t\t\t\t<div class=\"e-con-inner\">\n\t\t<div class=\"elementor-element elementor-element-3afab35 e-con-full e-flex e-con e-child\" data-id=\"3afab35\" data-element_type=\"container\" data-e-type=\"container\">\n\t\t\t\t<div class=\"elementor-element elementor-element-a9873a9 elementor-widget elementor-widget-spacer\" data-id=\"a9873a9\" data-element_type=\"widget\" data-e-type=\"widget\" data-widget_type=\"spacer.default\">\n\t\t\t\t\t\t\t<div class=\"elementor-spacer\">\n\t\t\t<div class=\"elementor-spacer-inner\"><\/div>\n\t\t<\/div>\n\t\t\t\t\t\t<\/div>\n\t\t\t\t<div class=\"elementor-element elementor-element-26cd6a6 elementor-widget elementor-widget-heading\" data-id=\"26cd6a6\" data-element_type=\"widget\" data-e-type=\"widget\" data-widget_type=\"heading.default\">\n\t\t\t\t\t<h2 class=\"elementor-heading-title elementor-size-default\"><b>Looking to boost social reintegration in El Salvador?<\/b><\/h2>\t\t\t\t<\/div>\n\t\t\t\t<div class=\"elementor-element elementor-element-b8f2d80 elementor-widget elementor-widget-heading\" data-id=\"b8f2d80\" data-element_type=\"widget\" data-e-type=\"widget\" data-widget_type=\"heading.default\">\n\t\t\t\t\t<h2 class=\"elementor-heading-title elementor-size-default\"><b>Let\u2019s talk.<\/b><\/h2>\t\t\t\t<\/div>\n\t\t\t\t<div class=\"elementor-element elementor-element-d2c343b elementor-widget elementor-widget-spacer\" data-id=\"d2c343b\" data-element_type=\"widget\" data-e-type=\"widget\" data-widget_type=\"spacer.default\">\n\t\t\t\t\t\t\t<div class=\"elementor-spacer\">\n\t\t\t<div class=\"elementor-spacer-inner\"><\/div>\n\t\t<\/div>\n\t\t\t\t\t\t<\/div>\n\t\t\t\t<\/div>\n\t\t<div class=\"elementor-element elementor-element-8c6f4de e-con-full e-flex e-con e-child\" data-id=\"8c6f4de\" data-element_type=\"container\" data-e-type=\"container\">\n\t\t\t\t<div class=\"elementor-element elementor-element-086b64f elementor-widget__width-initial elementor-widget elementor-widget-text-editor\" data-id=\"086b64f\" data-element_type=\"widget\" data-e-type=\"widget\" data-widget_type=\"text-editor.default\">\n\t\t\t\t\t\t\t\t\t<p>+503 2315 2284<br \/>info@lafactoriaciudadana.com<br \/>El Salvador, Central America<\/p><p>www.lafactoriaciudadana.com<\/p>\t\t\t\t\t\t\t\t<\/div>\n\t\t\t\t<\/div>\n\t\t<div class=\"elementor-element elementor-element-dac4c42 e-con-full e-flex e-con e-child\" data-id=\"dac4c42\" data-element_type=\"container\" data-e-type=\"container\">\n\t\t\t\t<div class=\"elementor-element elementor-element-44845be elementor-widget__width-initial elementor-button-align-stretch elementor-widget elementor-widget-form\" data-id=\"44845be\" data-element_type=\"widget\" data-e-type=\"widget\" data-settings=\"{&quot;step_next_label&quot;:&quot;Next&quot;,&quot;step_previous_label&quot;:&quot;Previous&quot;,&quot;button_width&quot;:&quot;100&quot;,&quot;step_type&quot;:&quot;number_text&quot;,&quot;step_icon_shape&quot;:&quot;circle&quot;}\" data-widget_type=\"form.default\">\n\t\t\t\t\t\t\t<form class=\"elementor-form\" method=\"post\" name=\"New Form\" aria-label=\"New Form\">\n\t\t\t<input type=\"hidden\" name=\"post_id\" value=\"262\"\/>\n\t\t\t<input type=\"hidden\" name=\"form_id\" value=\"44845be\"\/>\n\t\t\t<input type=\"hidden\" name=\"referer_title\" value=\"Home - La Factor\u00eda Ciudadana\" \/>\n\n\t\t\t\t\t\t\t<input type=\"hidden\" name=\"queried_id\" value=\"262\"\/>\n\t\t\t\n\t\t\t<div class=\"elementor-form-fields-wrapper elementor-labels-above\">\n\t\t\t\t\t\t\t\t<div class=\"elementor-field-type-text elementor-field-group elementor-column elementor-field-group-name elementor-col-100\">\n\t\t\t\t\t\t\t\t\t\t\t\t<label for=\"form-field-name\" class=\"elementor-field-label\">\n\t\t\t\t\t\t\t\tYour name\t\t\t\t\t\t\t<\/label>\n\t\t\t\t\t\t\t\t\t\t\t\t\t\t<input size=\"1\" type=\"text\" name=\"form_fields[name]\" id=\"form-field-name\" class=\"elementor-field elementor-size-sm  elementor-field-textual\">\n\t\t\t\t\t\t\t\t\t\t\t<\/div>\n\t\t\t\t\t\t\t\t<div class=\"elementor-field-type-email elementor-field-group elementor-column elementor-field-group-email elementor-col-100 elementor-field-required\">\n\t\t\t\t\t\t\t\t\t\t\t\t<label for=\"form-field-email\" class=\"elementor-field-label\">\n\t\t\t\t\t\t\t\tEmail\t\t\t\t\t\t\t<\/label>\n\t\t\t\t\t\t\t\t\t\t\t\t\t\t<input size=\"1\" type=\"email\" name=\"form_fields[email]\" id=\"form-field-email\" class=\"elementor-field elementor-size-sm  elementor-field-textual\" required=\"required\">\n\t\t\t\t\t\t\t\t\t\t\t<\/div>\n\t\t\t\t\t\t\t\t<div class=\"elementor-field-type-text elementor-field-group elementor-column elementor-field-group-field_e0afe2f elementor-col-100\">\n\t\t\t\t\t\t\t\t\t\t\t\t<label for=\"form-field-field_e0afe2f\" class=\"elementor-field-label\">\n\t\t\t\t\t\t\t\tSubject\t\t\t\t\t\t\t<\/label>\n\t\t\t\t\t\t\t\t\t\t\t\t\t\t<input size=\"1\" type=\"text\" name=\"form_fields[field_e0afe2f]\" id=\"form-field-field_e0afe2f\" class=\"elementor-field elementor-size-sm  elementor-field-textual\">\n\t\t\t\t\t\t\t\t\t\t\t<\/div>\n\t\t\t\t\t\t\t\t<div class=\"elementor-field-type-textarea elementor-field-group elementor-column elementor-field-group-message elementor-col-100\">\n\t\t\t\t\t\t\t\t\t\t\t\t<label for=\"form-field-message\" class=\"elementor-field-label\">\n\t\t\t\t\t\t\t\tMessage\t\t\t\t\t\t\t<\/label>\n\t\t\t\t\t\t<textarea class=\"elementor-field-textual elementor-field  elementor-size-sm\" name=\"form_fields[message]\" id=\"form-field-message\" rows=\"4\"><\/textarea>\t\t\t\t<\/div>\n\t\t\t\t\t\t\t\t<div class=\"elementor-field-group elementor-column elementor-field-type-submit elementor-col-100 e-form__buttons\">\n\t\t\t\t\t<button class=\"elementor-button elementor-size-sm\" type=\"submit\">\n\t\t\t\t\t\t<span class=\"elementor-button-content-wrapper\">\n\t\t\t\t\t\t\t\t\t\t\t\t\t\t\t<span class=\"elementor-button-icon\">\n\t\t\t\t\t\t\t\t\t<svg aria-hidden=\"true\" class=\"e-font-icon-svg e-far-envelope-open\" viewBox=\"0 0 512 512\" xmlns=\"http:\/\/www.w3.org\/2000\/svg\"><path d=\"M494.586 164.516c-4.697-3.883-111.723-89.95-135.251-108.657C337.231 38.191 299.437 0 256 0c-43.205 0-80.636 37.717-103.335 55.859-24.463 19.45-131.07 105.195-135.15 108.549A48.004 48.004 0 0 0 0 201.485V464c0 26.51 21.49 48 48 48h416c26.51 0 48-21.49 48-48V201.509a48 48 0 0 0-17.414-36.993zM464 458a6 6 0 0 1-6 6H54a6 6 0 0 1-6-6V204.347c0-1.813.816-3.526 2.226-4.665 15.87-12.814 108.793-87.554 132.364-106.293C200.755 78.88 232.398 48 256 48c23.693 0 55.857 31.369 73.41 45.389 23.573 18.741 116.503 93.493 132.366 106.316a5.99 5.99 0 0 1 2.224 4.663V458zm-31.991-187.704c4.249 5.159 3.465 12.795-1.745 16.981-28.975 23.283-59.274 47.597-70.929 56.863C336.636 362.283 299.205 400 256 400c-43.452 0-81.287-38.237-103.335-55.86-11.279-8.967-41.744-33.413-70.927-56.865-5.21-4.187-5.993-11.822-1.745-16.981l15.258-18.528c4.178-5.073 11.657-5.843 16.779-1.726 28.618 23.001 58.566 47.035 70.56 56.571C200.143 320.631 232.307 352 256 352c23.602 0 55.246-30.88 73.41-45.389 11.994-9.535 41.944-33.57 70.563-56.568 5.122-4.116 12.601-3.346 16.778 1.727l15.258 18.526z\"><\/path><\/svg>\t\t\t\t\t\t\t\t\t\t\t\t\t\t\t\t\t<\/span>\n\t\t\t\t\t\t\t\t\t\t\t\t\t\t\t\t\t\t\t\t\t\t<span class=\"elementor-button-text\">Send<\/span>\n\t\t\t\t\t\t\t\t\t\t\t\t\t<\/span>\n\t\t\t\t\t<\/button>\n\t\t\t\t<\/div>\n\t\t\t<\/div>\n\t\t<\/form>\n\t\t\t\t\t\t<\/div>\n\t\t\t\t<\/div>\n\t\t\t\t\t<\/div>\n\t\t\t\t<\/div>\n\t\t<div class=\"elementor-element elementor-element-18f3fc5 e-flex e-con-boxed e-con e-parent\" data-id=\"18f3fc5\" data-element_type=\"container\" data-e-type=\"container\" data-settings=\"{&quot;background_background&quot;:&quot;gradient&quot;}\">\n\t\t\t\t\t<div class=\"e-con-inner\">\n\t\t\t\t<div class=\"elementor-element elementor-element-22695f3 elementor-widget elementor-widget-heading\" data-id=\"22695f3\" data-element_type=\"widget\" data-e-type=\"widget\" data-widget_type=\"heading.default\">\n\t\t\t\t\t<p class=\"elementor-heading-title elementor-size-default\">\u00a9 All Right Reserved<\/p>\t\t\t\t<\/div>\n\t\t\t\t\t<\/div>\n\t\t\t\t<\/div>\n\t\t\t\t<\/div>\n\t\t","protected":false},"excerpt":{"rendered":"<p>About Us Founded in 2017 in El Salvador, La Factor\u00eda Ciudadana is pioneering social and economic reintegration for individuals seeking a second chance. We activate underutilized human capital and address the root causes of irregular migration and crime, reducing both the human and financial costs of repeated cycles of deportation and incarceration. Every person we [&hellip;]<\/p>\n","protected":false},"author":1,"featured_media":0,"parent":0,"menu_order":0,"comment_status":"closed","ping_status":"closed","template":"","meta":{"footnotes":""},"class_list":["post-262","page","type-page","status-publish","hentry"],"yoast_head":"<!-- This site is optimized with the Yoast SEO plugin v27.4 - https:\/\/yoast.com\/product\/yoast-seo-wordpress\/ -->\n<title>Home - La Factor\u00eda Ciudadana<\/title>\n<meta name=\"robots\" content=\"index, follow, max-snippet:-1, max-image-preview:large, max-video-preview:-1\" \/>\n<link rel=\"canonical\" href=\"https:\/\/lafactoriaciudadana.com\/\" \/>\n<meta property=\"og:locale\" content=\"es_MX\" \/>\n<meta property=\"og:type\" content=\"article\" \/>\n<meta property=\"og:title\" content=\"Home - La Factor\u00eda Ciudadana\" \/>\n<meta property=\"og:description\" content=\"About Us Founded in 2017 in El Salvador, La Factor\u00eda Ciudadana is pioneering social and economic reintegration for individuals seeking a second chance. We activate underutilized human capital and address the root causes of irregular migration and crime, reducing both the human and financial costs of repeated cycles of deportation and incarceration. Every person we [&hellip;]\" \/>\n<meta property=\"og:url\" content=\"https:\/\/lafactoriaciudadana.com\/\" \/>\n<meta property=\"og:site_name\" content=\"La Factor\u00eda Ciudadana\" \/>\n<meta property=\"article:modified_time\" content=\"2025-11-13T14:38:23+00:00\" \/>\n<meta property=\"og:image\" content=\"https:\/\/lafactoriaciudadana.com\/wp-content\/uploads\/2025\/10\/WhatsApp-Image-2025-10-30-at-12.42.46-PM.jpeg\" \/>\n<meta name=\"twitter:card\" content=\"summary_large_image\" \/>\n<meta name=\"twitter:label1\" content=\"Tiempo de lectura\" \/>\n\t<meta name=\"twitter:data1\" content=\"2 minutos\" \/>\n<script type=\"application\/ld+json\" class=\"yoast-schema-graph\">{\"@context\":\"https:\\\/\\\/schema.org\",\"@graph\":[{\"@type\":\"WebPage\",\"@id\":\"https:\\\/\\\/lafactoriaciudadana.com\\\/\",\"url\":\"https:\\\/\\\/lafactoriaciudadana.com\\\/\",\"name\":\"Home - La Factor\u00eda Ciudadana\",\"isPartOf\":{\"@id\":\"https:\\\/\\\/lafactoriaciudadana.com\\\/#website\"},\"primaryImageOfPage\":{\"@id\":\"https:\\\/\\\/lafactoriaciudadana.com\\\/#primaryimage\"},\"image\":{\"@id\":\"https:\\\/\\\/lafactoriaciudadana.com\\\/#primaryimage\"},\"thumbnailUrl\":\"https:\\\/\\\/lafactoriaciudadana.com\\\/wp-content\\\/uploads\\\/2025\\\/10\\\/WhatsApp-Image-2025-10-30-at-12.42.46-PM.jpeg\",\"datePublished\":\"2025-10-15T05:27:19+00:00\",\"dateModified\":\"2025-11-13T14:38:23+00:00\",\"breadcrumb\":{\"@id\":\"https:\\\/\\\/lafactoriaciudadana.com\\\/#breadcrumb\"},\"inLanguage\":\"es\",\"potentialAction\":[{\"@type\":\"ReadAction\",\"target\":[\"https:\\\/\\\/lafactoriaciudadana.com\\\/\"]}]},{\"@type\":\"ImageObject\",\"inLanguage\":\"es\",\"@id\":\"https:\\\/\\\/lafactoriaciudadana.com\\\/#primaryimage\",\"url\":\"https:\\\/\\\/lafactoriaciudadana.com\\\/wp-content\\\/uploads\\\/2025\\\/10\\\/WhatsApp-Image-2025-10-30-at-12.42.46-PM.jpeg\",\"contentUrl\":\"https:\\\/\\\/lafactoriaciudadana.com\\\/wp-content\\\/uploads\\\/2025\\\/10\\\/WhatsApp-Image-2025-10-30-at-12.42.46-PM.jpeg\",\"width\":1280,\"height\":852},{\"@type\":\"BreadcrumbList\",\"@id\":\"https:\\\/\\\/lafactoriaciudadana.com\\\/#breadcrumb\",\"itemListElement\":[{\"@type\":\"ListItem\",\"position\":1,\"name\":\"Home\",\"item\":\"https:\\\/\\\/lafactoriaciudadana.com\\\/\"},{\"@type\":\"ListItem\",\"position\":2,\"name\":\"Home\"}]},{\"@type\":\"WebSite\",\"@id\":\"https:\\\/\\\/lafactoriaciudadana.com\\\/#website\",\"url\":\"https:\\\/\\\/lafactoriaciudadana.com\\\/\",\"name\":\"La Factor\u00eda Ciudadana\",\"description\":\"Desde 2017 transformamos vidas en El Salvador con atenci\u00f3n psicosocial, capacitaci\u00f3n t\u00e9cnica gratuita en l\u00ednea y conexi\u00f3n con empleos en sectores productivos. Tambi\u00e9n contamos con la Finca Santa Marta, centro de aprendizaje y desarrollo agr\u00edcola\",\"publisher\":{\"@id\":\"https:\\\/\\\/lafactoriaciudadana.com\\\/#organization\"},\"potentialAction\":[{\"@type\":\"SearchAction\",\"target\":{\"@type\":\"EntryPoint\",\"urlTemplate\":\"https:\\\/\\\/lafactoriaciudadana.com\\\/?s={search_term_string}\"},\"query-input\":{\"@type\":\"PropertyValueSpecification\",\"valueRequired\":true,\"valueName\":\"search_term_string\"}}],\"inLanguage\":\"es\"},{\"@type\":\"Organization\",\"@id\":\"https:\\\/\\\/lafactoriaciudadana.com\\\/#organization\",\"name\":\"La Factor\u00eda Ciudadana\",\"url\":\"https:\\\/\\\/lafactoriaciudadana.com\\\/\",\"logo\":{\"@type\":\"ImageObject\",\"inLanguage\":\"es\",\"@id\":\"https:\\\/\\\/lafactoriaciudadana.com\\\/#\\\/schema\\\/logo\\\/image\\\/\",\"url\":\"https:\\\/\\\/lafactoriaciudadana.com\\\/wp-content\\\/uploads\\\/2025\\\/10\\\/cropped-cropped-LFC-AZUL-NUEVO-scaled-1.png\",\"contentUrl\":\"https:\\\/\\\/lafactoriaciudadana.com\\\/wp-content\\\/uploads\\\/2025\\\/10\\\/cropped-cropped-LFC-AZUL-NUEVO-scaled-1.png\",\"width\":2558,\"height\":730,\"caption\":\"La Factor\u00eda Ciudadana\"},\"image\":{\"@id\":\"https:\\\/\\\/lafactoriaciudadana.com\\\/#\\\/schema\\\/logo\\\/image\\\/\"}}]}<\/script>\n<!-- \/ Yoast SEO plugin. -->","yoast_head_json":{"title":"Home - La Factor\u00eda Ciudadana","robots":{"index":"index","follow":"follow","max-snippet":"max-snippet:-1","max-image-preview":"max-image-preview:large","max-video-preview":"max-video-preview:-1"},"canonical":"https:\/\/lafactoriaciudadana.com\/","og_locale":"es_MX","og_type":"article","og_title":"Home - La Factor\u00eda Ciudadana","og_description":"About Us Founded in 2017 in El Salvador, La Factor\u00eda Ciudadana is pioneering social and economic reintegration for individuals seeking a second chance. We activate underutilized human capital and address the root causes of irregular migration and crime, reducing both the human and financial costs of repeated cycles of deportation and incarceration. Every person we [&hellip;]","og_url":"https:\/\/lafactoriaciudadana.com\/","og_site_name":"La Factor\u00eda Ciudadana","article_modified_time":"2025-11-13T14:38:23+00:00","og_image":[{"url":"https:\/\/lafactoriaciudadana.com\/wp-content\/uploads\/2025\/10\/WhatsApp-Image-2025-10-30-at-12.42.46-PM.jpeg","type":"","width":"","height":""}],"twitter_card":"summary_large_image","twitter_misc":{"Tiempo de lectura":"2 minutos"},"schema":{"@context":"https:\/\/schema.org","@graph":[{"@type":"WebPage","@id":"https:\/\/lafactoriaciudadana.com\/","url":"https:\/\/lafactoriaciudadana.com\/","name":"Home - La Factor\u00eda Ciudadana","isPartOf":{"@id":"https:\/\/lafactoriaciudadana.com\/#website"},"primaryImageOfPage":{"@id":"https:\/\/lafactoriaciudadana.com\/#primaryimage"},"image":{"@id":"https:\/\/lafactoriaciudadana.com\/#primaryimage"},"thumbnailUrl":"https:\/\/lafactoriaciudadana.com\/wp-content\/uploads\/2025\/10\/WhatsApp-Image-2025-10-30-at-12.42.46-PM.jpeg","datePublished":"2025-10-15T05:27:19+00:00","dateModified":"2025-11-13T14:38:23+00:00","breadcrumb":{"@id":"https:\/\/lafactoriaciudadana.com\/#breadcrumb"},"inLanguage":"es","potentialAction":[{"@type":"ReadAction","target":["https:\/\/lafactoriaciudadana.com\/"]}]},{"@type":"ImageObject","inLanguage":"es","@id":"https:\/\/lafactoriaciudadana.com\/#primaryimage","url":"https:\/\/lafactoriaciudadana.com\/wp-content\/uploads\/2025\/10\/WhatsApp-Image-2025-10-30-at-12.42.46-PM.jpeg","contentUrl":"https:\/\/lafactoriaciudadana.com\/wp-content\/uploads\/2025\/10\/WhatsApp-Image-2025-10-30-at-12.42.46-PM.jpeg","width":1280,"height":852},{"@type":"BreadcrumbList","@id":"https:\/\/lafactoriaciudadana.com\/#breadcrumb","itemListElement":[{"@type":"ListItem","position":1,"name":"Home","item":"https:\/\/lafactoriaciudadana.com\/"},{"@type":"ListItem","position":2,"name":"Home"}]},{"@type":"WebSite","@id":"https:\/\/lafactoriaciudadana.com\/#website","url":"https:\/\/lafactoriaciudadana.com\/","name":"La Factor\u00eda Ciudadana","description":"Desde 2017 transformamos vidas en El Salvador con atenci\u00f3n psicosocial, capacitaci\u00f3n t\u00e9cnica gratuita en l\u00ednea y conexi\u00f3n con empleos en sectores productivos. Tambi\u00e9n contamos con la Finca Santa Marta, centro de aprendizaje y desarrollo agr\u00edcola","publisher":{"@id":"https:\/\/lafactoriaciudadana.com\/#organization"},"potentialAction":[{"@type":"SearchAction","target":{"@type":"EntryPoint","urlTemplate":"https:\/\/lafactoriaciudadana.com\/?s={search_term_string}"},"query-input":{"@type":"PropertyValueSpecification","valueRequired":true,"valueName":"search_term_string"}}],"inLanguage":"es"},{"@type":"Organization","@id":"https:\/\/lafactoriaciudadana.com\/#organization","name":"La Factor\u00eda Ciudadana","url":"https:\/\/lafactoriaciudadana.com\/","logo":{"@type":"ImageObject","inLanguage":"es","@id":"https:\/\/lafactoriaciudadana.com\/#\/schema\/logo\/image\/","url":"https:\/\/lafactoriaciudadana.com\/wp-content\/uploads\/2025\/10\/cropped-cropped-LFC-AZUL-NUEVO-scaled-1.png","contentUrl":"https:\/\/lafactoriaciudadana.com\/wp-content\/uploads\/2025\/10\/cropped-cropped-LFC-AZUL-NUEVO-scaled-1.png","width":2558,"height":730,"caption":"La Factor\u00eda Ciudadana"},"image":{"@id":"https:\/\/lafactoriaciudadana.com\/#\/schema\/logo\/image\/"}}]}},"_links":{"self":[{"href":"https:\/\/lafactoriaciudadana.com\/index.php?rest_route=\/wp\/v2\/pages\/262","targetHints":{"allow":["GET"]}}],"collection":[{"href":"https:\/\/lafactoriaciudadana.com\/index.php?rest_route=\/wp\/v2\/pages"}],"about":[{"href":"https:\/\/lafactoriaciudadana.com\/index.php?rest_route=\/wp\/v2\/types\/page"}],"author":[{"embeddable":true,"href":"https:\/\/lafactoriaciudadana.com\/index.php?rest_route=\/wp\/v2\/users\/1"}],"replies":[{"embeddable":true,"href":"https:\/\/lafactoriaciudadana.com\/index.php?rest_route=%2Fwp%2Fv2%2Fcomments&post=262"}],"version-history":[{"count":859,"href":"https:\/\/lafactoriaciudadana.com\/index.php?rest_route=\/wp\/v2\/pages\/262\/revisions"}],"predecessor-version":[{"id":1247,"href":"https:\/\/lafactoriaciudadana.com\/index.php?rest_route=\/wp\/v2\/pages\/262\/revisions\/1247"}],"wp:attachment":[{"href":"https:\/\/lafactoriaciudadana.com\/index.php?rest_route=%2Fwp%2Fv2%2Fmedia&parent=262"}],"curies":[{"name":"wp","href":"https:\/\/api.w.org\/{rel}","templated":true}]}}